{"id":25,"date":"2020-02-22T16:01:00","date_gmt":"2020-02-22T15:01:00","guid":{"rendered":"http:\/\/wabro.de\/?page_id=25"},"modified":"2020-02-23T15:27:17","modified_gmt":"2020-02-23T14:27:17","slug":"datenschutz","status":"publish","type":"page","link":"http:\/\/wabro.de\/?page_id=25","title":{"rendered":"Datenschutzerkl\u00e4rung"},"content":{"rendered":"\n<p>Personenbezogene Daten (nachfolgend zumeist nur \u201eDaten\u201c genannt) \nwerden von uns nur im Rahmen der Erforderlichkeit sowie zum Zwecke der \nBereitstellung eines funktionsf\u00e4higen und nutzerfreundlichen \nInternetauftritts, inklusive seiner Inhalte und der dort angebotenen \nLeistungen, verarbeitet.<\/p>\n\n\n\n<p>Gem\u00e4\u00df Art. 4 Ziffer 1. der Verordnung (EU) 2016\/679, also der \nDatenschutz-Grundverordnung (nachfolgend nur \u201eDSGVO\u201c genannt), gilt als \n\u201eVerarbeitung\u201c jeder mit oder ohne Hilfe automatisierter Verfahren \nausgef\u00fchrter Vorgang oder jede solche Vorgangsreihe im Zusammenhang mit \npersonenbezogenen Daten, wie das Erheben, das Erfassen, die \nOrganisation, das Ordnen, die Speicherung, die Anpassung oder \nVer\u00e4nderung, das Auslesen, das Abfragen, die Verwendung, die Offenlegung\n durch \u00dcbermittlung, Verbreitung oder eine andere Form der \nBereitstellung, den Abgleich oder die Verkn\u00fcpfung, die Einschr\u00e4nkung, \ndas L\u00f6schen oder die Vernichtung.<\/p>\n\n\n\n<p>Mit der nachfolgenden Datenschutzerkl\u00e4rung informieren wir Sie \ninsbesondere \u00fcber Art, Umfang, Zweck, Dauer und Rechtsgrundlage der \nVerarbeitung personenbezogener Daten, soweit wir entweder allein oder \ngemeinsam mit anderen \u00fcber die Zwecke und Mittel der Verarbeitung \nentscheiden. Zudem informieren wir Sie nachfolgend \u00fcber die von uns zu \nOptimierungszwecken sowie zur Steigerung der Nutzungsqualit\u00e4t \neingesetzten Fremdkomponenten, soweit hierdurch Dritte Daten in wiederum\n eigener Verantwortung verarbeiten.<\/p>\n\n\n\n<p>Unsere Datenschutzerkl\u00e4rung ist wie folgt gegliedert:<\/p>\n\n\n\n<p>I. Informationen \u00fcber uns als Verantwortliche<br>II. Rechte der Nutzer und Betroffenen<br>III. Informationen zur Datenverarbeitung<\/p>\n\n\n\n<h3>I. Informationen \u00fcber uns als Verantwortliche<\/h3>\n\n\n\n<p>Verantwortlicher Anbieter dieses Internetauftritts im datenschutzrechtlichen Sinne ist:<\/p>\n\n\n\n<p>Georg Kurek<br>Hummelweg 20<br>46485 Wesel<br>Deutschland<\/p>\n\n\n\n<p>E-Mail: info&lt;at>wabro.de<\/p>\n\n\n\n<p>Datenschutzbeauftragte\/r beim Anbieter ist:<\/p>\n\n\n\n<p>Georg Kurek<\/p>\n\n\n\n<h3>II. Rechte der Nutzer und Betroffenen<\/h3>\n\n\n\n<p>Mit Blick auf die nachfolgend noch n\u00e4her beschriebene Datenverarbeitung haben die Nutzer und Betroffenen das Recht<\/p>\n\n\n\n<ul><li>auf Best\u00e4tigung, ob sie betreffende Daten verarbeitet werden, auf \nAuskunft \u00fcber die verarbeiteten Daten, auf weitere Informationen \u00fcber \ndie Datenverarbeitung sowie auf Kopien der Daten (vgl. auch Art. 15 \nDSGVO);<\/li><li>auf Berichtigung oder Vervollst\u00e4ndigung unrichtiger bzw. unvollst\u00e4ndiger Daten (vgl. auch Art. 16 DSGVO);<\/li><li>auf unverz\u00fcgliche L\u00f6schung der sie betreffenden Daten (vgl. auch \nArt. 17 DSGVO), oder, alternativ, soweit eine weitere Verarbeitung gem\u00e4\u00df\n Art. 17 Abs. 3 DSGVO erforderlich ist, auf Einschr\u00e4nkung der \nVerarbeitung nach Ma\u00dfgabe von Art. 18 DSGVO;<\/li><li>auf Erhalt der sie betreffenden und von ihnen bereitgestellten Daten\n und auf \u00dcbermittlung dieser Daten an andere Anbieter\/Verantwortliche \n(vgl. auch Art. 20 DSGVO);<\/li><li>auf Beschwerde gegen\u00fcber der Aufsichtsbeh\u00f6rde, sofern sie der \nAnsicht sind, dass die sie betreffenden Daten durch den Anbieter unter \nVersto\u00df gegen datenschutzrechtliche Bestimmungen verarbeitet werden \n(vgl. auch Art. 77 DSGVO).<\/li><\/ul>\n\n\n\n<p>Dar\u00fcber hinaus ist der Anbieter dazu verpflichtet, alle Empf\u00e4nger, \ndenen gegen\u00fcber Daten durch den Anbieter offengelegt worden sind, \u00fcber \njedwede Berichtigung oder L\u00f6schung von Daten oder die Einschr\u00e4nkung der \nVerarbeitung, die aufgrund der Artikel 16, 17 Abs. 1, 18 DSGVO erfolgt, \nzu unterrichten. Diese Verpflichtung besteht jedoch nicht, soweit diese \nMitteilung unm\u00f6glich oder mit einem unverh\u00e4ltnism\u00e4\u00dfigen Aufwand \nverbunden ist. Unbeschadet dessen hat der Nutzer ein Recht auf Auskunft \n\u00fcber diese Empf\u00e4nger.<\/p>\n\n\n\n<p><strong>Ebenfalls haben die Nutzer und Betroffenen nach Art. 21 DSGVO\n das Recht auf Widerspruch gegen die k\u00fcnftige Verarbeitung der sie \nbetreffenden Daten, sofern die Daten durch den Anbieter nach Ma\u00dfgabe von\n Art. 6 Abs. 1 lit. f) DSGVO verarbeitet werden. Insbesondere ist ein \nWiderspruch gegen die Datenverarbeitung zum Zwecke der Direktwerbung \nstatthaft.<\/strong><\/p>\n\n\n\n<h3>III. Informationen zur Datenverarbeitung<\/h3>\n\n\n\n<p>Ihre bei Nutzung unseres Internetauftritts verarbeiteten Daten werden\n gel\u00f6scht oder gesperrt, sobald der Zweck der Speicherung entf\u00e4llt, der \nL\u00f6schung der Daten keine gesetzlichen Aufbewahrungspflichten \nentgegenstehen und nachfolgend keine anderslautenden Angaben zu \neinzelnen Verarbeitungsverfahren gemacht werden.<\/p>\n\n\n\n<h4>Serverdaten<\/h4>\n\n\n\n<p>Aus technischen Gr\u00fcnden, insbesondere zur Gew\u00e4hrleistung eines \nsicheren und stabilen Internetauftritts, werden Daten durch Ihren \nInternet-Browser an uns bzw. an unseren Webspace-Provider \u00fcbermittelt. \nMit diesen sog. Server-Logfiles werden u.a. Typ und Version Ihres \nInternetbrowsers, das Betriebssystem, die Website, von der aus Sie auf \nunseren Internetauftritt gewechselt haben (Referrer URL), die Website(s)\n unseres Internetauftritts, die Sie besuchen, Datum und Uhrzeit des \njeweiligen Zugriffs sowie die IP-Adresse des Internetanschlusses, von \ndem aus die Nutzung unseres Internetauftritts erfolgt, erhoben.<\/p>\n\n\n\n<p>Diese so erhobenen Daten werden vorr\u00fcbergehend gespeichert, dies jedoch nicht gemeinsam mit anderen Daten von Ihnen.<\/p>\n\n\n\n<p>Diese Speicherung erfolgt auf der Rechtsgrundlage von Art. 6 Abs. 1 \nlit. f) DSGVO. Unser berechtigtes Interesse liegt in der Verbesserung, \nStabilit\u00e4t, Funktionalit\u00e4t und Sicherheit unseres Internetauftritts.<\/p>\n\n\n\n<p>Die Daten werden sp\u00e4testens nach sieben Tage wieder gel\u00f6scht, soweit \nkeine weitere Aufbewahrung zu Beweiszwecken erforderlich ist. \nAndernfalls sind die Daten bis zur endg\u00fcltigen Kl\u00e4rung eines Vorfalls \nganz oder teilweise von der L\u00f6schung ausgenommen.<\/p>\n\n\n\n<h4>Cookies<\/h4>\n\n\n\n<h5>a) Sitzungs-Cookies\/Session-Cookies<\/h5>\n\n\n\n<p>Wir verwenden mit unserem Internetauftritt sog. Cookies. Cookies sind\n kleine Textdateien oder andere Speichertechnologien, die durch den von \nIhnen eingesetzten Internet-Browser auf Ihrem Endger\u00e4t ablegt und \ngespeichert werden. Durch diese Cookies werden im individuellen Umfang \nbestimmte Informationen von Ihnen, wie beispielsweise Ihre Browser- oder\n Standortdaten oder Ihre IP-Adresse, verarbeitet. &nbsp;<\/p>\n\n\n\n<p>Durch diese Verarbeitung wird unser Internetauftritt \nbenutzerfreundlicher, effektiver und sicherer, da die Verarbeitung bspw.\n die Wiedergabe unseres Internetauftritts in unterschiedlichen Sprachen \noder das Angebot einer Warenkorbfunktion erm\u00f6glicht.<\/p>\n\n\n\n<p>Rechtsgrundlage dieser Verarbeitung ist Art. 6 Abs. 1 lit b.) DSGVO, \nsofern diese Cookies Daten zur Vertragsanbahnung oder Vertragsabwicklung\n verarbeitet werden.<\/p>\n\n\n\n<p>Falls die Verarbeitung nicht der Vertragsanbahnung oder \nVertragsabwicklung dient, liegt unser berechtigtes Interesse in der \nVerbesserung der Funktionalit\u00e4t unseres Internetauftritts. \nRechtsgrundlage ist in dann Art. 6 Abs. 1 lit. f) DSGVO.<\/p>\n\n\n\n<p>Mit Schlie\u00dfen Ihres Internet-Browsers werden diese Session-Cookies gel\u00f6scht.<\/p>\n\n\n\n<h5>b) Drittanbieter-Cookies<\/h5>\n\n\n\n<p>Gegebenenfalls werden mit unserem Internetauftritt auch Cookies von \nPartnerunternehmen, mit denen wir zum Zwecke der Werbung, der Analyse \noder der Funktionalit\u00e4ten unseres Internetauftritts zusammenarbeiten, \nverwendet.<\/p>\n\n\n\n<p>Die Einzelheiten hierzu, insbesondere zu den Zwecken und den \nRechtsgrundlagen der Verarbeitung solcher Drittanbieter-Cookies, \nentnehmen Sie bitte den nachfolgenden Informationen.<\/p>\n\n\n\n<h5>c) Beseitigungsm\u00f6glichkeit<\/h5>\n\n\n\n<p>Sie k\u00f6nnen die Installation der Cookies durch eine Einstellung Ihres \nInternet-Browsers verhindern oder einschr\u00e4nken. Ebenfalls k\u00f6nnen Sie \nbereits gespeicherte Cookies jederzeit l\u00f6schen. Die hierf\u00fcr \nerforderlichen Schritte und Ma\u00dfnahmen h\u00e4ngen jedoch von Ihrem konkret \ngenutzten Internet-Browser ab. Bei Fragen benutzen Sie daher bitte die \nHilfefunktion oder Dokumentation Ihres Internet-Browsers oder wenden \nsich an dessen Hersteller bzw. Support. Bei sog. Flash-Cookies kann die \nVerarbeitung allerdings nicht \u00fcber die Einstellungen des Browsers \nunterbunden werden. Stattdessen m\u00fcssen Sie insoweit die Einstellung \nIhres Flash-Players \u00e4ndern. Auch die hierf\u00fcr erforderlichen Schritte und\n Ma\u00dfnahmen h\u00e4ngen von Ihrem konkret genutzten Flash-Player ab. Bei \nFragen benutzen Sie daher bitte ebenso die Hilfefunktion oder \nDokumentation Ihres Flash-Players oder wenden sich an den Hersteller \nbzw. Benutzer-Support.<\/p>\n\n\n\n<p>Sollten Sie die Installation der Cookies verhindern oder \neinschr\u00e4nken, kann dies allerdings dazu f\u00fchren, dass nicht s\u00e4mtliche \nFunktionen unseres Internetauftritts vollumf\u00e4nglich nutzbar sind. <\/p>\n\n\n\n<h4>Newsletter<\/h4>\n\n\n\n<p>Falls Sie sich f\u00fcr unseren kostenlosen Newsletter anmelden, werden \ndie von Ihnen hierzu abgefragten Daten, also Ihre E-Mail-Adresse sowie &#8211;\n optional &#8211; Ihr Name und Ihre Anschrift, an uns \u00fcbermittelt. \nGleichzeitig speichern wir die IP-Adresse des Internetanschlusses von \ndem aus Sie auf unseren Internetauftritt zugreifen sowie Datum und \nUhrzeit Ihrer Anmeldung. Im Rahmen des weiteren Anmeldevorgangs werden \nwir Ihre Einwilligung in die \u00dcbersendung des Newsletters einholen, den \nInhalt konkret beschreiben und auf diese Datenschutzerkl\u00e4rung verwiesen.\n Die dabei erhobenen Daten verwenden wir ausschlie\u00dflich f\u00fcr den \nNewsletter-Versand \u2013 sie werden deshalb insbesondere auch nicht an \nDritte weitergegeben.<\/p>\n\n\n\n<p>Rechtsgrundlage hierbei ist Art. 6 Abs. 1 lit. a) DSGVO.<\/p>\n\n\n\n<p>Die Einwilligung in den Newsletter-Versand k\u00f6nnen Sie gem\u00e4\u00df Art. 7 \nAbs. 3 DSGVO jederzeit mit Wirkung f\u00fcr die Zukunft widerrufen. Hierzu \nm\u00fcssen Sie uns lediglich \u00fcber Ihren Widerruf in Kenntnis setzen oder den\n in jedem Newsletter enthaltenen Abmeldelink bet\u00e4tigen.<\/p>\n\n\n\n<h4>Kontaktanfragen \/ Kontaktm\u00f6glichkeit<\/h4>\n\n\n\n<p>Sofern Sie per Kontaktformular oder E-Mail mit uns in Kontakt treten,\n werden die dabei von Ihnen angegebenen Daten zur Bearbeitung Ihrer \nAnfrage genutzt. Die Angabe der Daten ist zur Bearbeitung und \nBeantwortung Ihre Anfrage erforderlich &#8211; ohne deren Bereitstellung \nk\u00f6nnen wir Ihre Anfrage nicht oder allenfalls eingeschr\u00e4nkt beantworten.<\/p>\n\n\n\n<p>Rechtsgrundlage f\u00fcr diese Verarbeitung ist Art. 6 Abs. 1 lit. b) DSGVO.<\/p>\n\n\n\n<p>Ihre Daten werden gel\u00f6scht, sofern Ihre Anfrage abschlie\u00dfend \nbeantwortet worden ist und der L\u00f6schung keine gesetzlichen \nAufbewahrungspflichten entgegenstehen, wie bspw. bei einer sich etwaig \nanschlie\u00dfenden Vertragsabwicklung.<\/p>\n\n\n\n<h4>Nutzerbeitr\u00e4ge, Kommentare und Bewertungen<\/h4>\n\n\n\n<p>Wir bieten Ihnen an, auf unseren Internetseiten Fragen, Antworten, \nMeinungen oder Bewertungen, nachfolgend nur \u201eBeitr\u00e4ge genannt, zu \nver\u00f6ffentlichen. Sofern Sie dieses Angebot in Anspruch nehmen, \nverarbeiten und ver\u00f6ffentlichen wir Ihren Beitrag, Datum und Uhrzeit der\n Einreichung sowie das von Ihnen ggf. genutzte Pseudonym.<\/p>\n\n\n\n<p>Rechtsgrundlage hierbei ist Art. 6 Abs. 1 lit. a) DSGVO. Die \nEinwilligung k\u00f6nnen Sie gem\u00e4\u00df Art. 7 Abs. 3 DSGVO jederzeit mit Wirkung \nf\u00fcr die Zukunft widerrufen. Hierzu m\u00fcssen Sie uns lediglich \u00fcber Ihren \nWiderruf in Kenntnis setzen.<\/p>\n\n\n\n<p>Dar\u00fcber hinaus verarbeiten wir auch Ihre IP- und E-Mail-Adresse. Die \nIP-Adresse wird verarbeitet, weil wir ein berechtigtes Interesse daran \nhaben, weitere Schritte einzuleiten oder zu unterst\u00fctzen, sofern Ihr \nBeitrag in Rechte Dritter eingreift und\/oder er sonst wie rechtswidrig \nerfolgt.<\/p>\n\n\n\n<p>Rechtsgrundlage ist in diesem Fall Art. 6 Abs. 1 lit. f) DSGVO. Unser\n berechtigtes Interesse liegt in der ggf. notwendigen \nRechtsverteidigung.<\/p>\n\n\n\n<h4>Abonnement von Beitr\u00e4gen<\/h4>\n\n\n\n<p>Sofern Sie Beitr\u00e4ge auf unseren Internetseiten ver\u00f6ffentlichen, \nbieten wir Ihnen zus\u00e4tzlich an, etwaige Folgebeitr\u00e4ge Dritter zu \nabonnieren. Um Sie \u00fcber diese Folgebeitr\u00e4ge per E-Mail informieren zu \nk\u00f6nnen, verarbeiten wir Ihre E-Mail-Adresse.<\/p>\n\n\n\n<p>Rechtsgrundlage hierbei ist Art. 6 Abs. 1 lit. a) DSGVO. Die \nEinwilligung in dieses Abonnement k\u00f6nnen Sie gem\u00e4\u00df Art. 7 Abs. 3 DSGVO \njederzeit mit Wirkung f\u00fcr die Zukunft widerrufen. Hierzu m\u00fcssen Sie uns \nlediglich \u00fcber Ihren Widerruf in Kenntnis setzen oder den in der \njeweiligen E-Mail enthaltenen Abmeldelink bet\u00e4tigen.<\/p>\n\n\n\n<h3>Verlinkung Social-Media \u00fcber Grafik oder Textlink<\/h3>\n\n\n\n<p>Wir bewerben auf unserer Webseite auch Pr\u00e4senzen auf den nachstehend \naufgef\u00fchrten sozialen Netzwerken. Die Einbindung erfolgt dabei \u00fcber eine\n verlinkte Grafik des jeweiligen Netzwerks. Durch den Einsatz dieser \nverlinkten Grafik wird verhindert, dass es bei dem Aufruf einer Website,\n die \u00fcber eine Social-Media-Bewerbung verf\u00fcgt, automatisch zu einem \nVerbindungsaufbau zum jeweiligen Server des sozialen Netzwerks kommt, um\n eine Grafik des jeweiligen Netzwerkes selbst darzustellen. Erst durch \neinen Klick auf die entsprechende Grafik wird der Nutzer zu dem Dienst \ndes jeweiligen sozialen Netzwerks weitergeleitet.<\/p>\n\n\n\n<p>Nach der Weiterleitung des Nutzers werden durch das jeweilige \nNetzwerk Informationen \u00fcber den Nutzer erfasst. Es kann hierbei nicht \nausgeschlossen werden, dass eine Verarbeitung der so erhobenen&nbsp; Daten in\n den USA stattfindet.<\/p>\n\n\n\n<p>Dies sind zun\u00e4chst Daten wie IP-Adresse, Datum, Uhrzeit und besuchte \nSeite. Ist der Nutzer w\u00e4hrenddessen in seinem Benutzerkonto des \njeweiligen Netzwerks eingeloggt, kann der Netzwerk-Betreiber ggf. die \ngesammelten Informationen des konkreten Besuchs des Nutzers dem \npers\u00f6nlichen Account des Nutzers zuordnen. Interagiert der Nutzer \u00fcber \neinen \u201eTeilen\u201c-Button des jeweiligen Netzwerks, k\u00f6nnen diese \nInformationen in dem pers\u00f6nlichen Benutzerkonto des Nutzers gespeichert \nund ggf. ver\u00f6ffentlicht werden. Will der Nutzer verhindern, dass die \ngesammelten Informationen unmittelbar seinem Benutzerkonto zugeordnet \nwerden, muss er sich vor dem Anklicken der Grafik ausloggen. Zudem \nbesteht die M\u00f6glichkeit, das jeweilige Benutzerkonto entsprechend zu \nkonfigurieren.<\/p>\n\n\n\n<p>Folgende soziale Netzwerke werden in unsere Seite durch Verlinkung eingebunden:<\/p>\n\n\n\n<h4>facebook<\/h4>\n\n\n\n<p>Facebook Ireland Limited, 4 Grand Canal Square, Dublin 2, Ireland, \nein Tochterunternehmen der Facebook Inc., 1601 S. California Ave., Palo \nAlto, CA 94304, USA.<\/p>\n\n\n\n<p>Datenschutzerkl\u00e4rung: <a href=\"https:\/\/www.facebook.com\/policy.php\" target=\"_blank\" rel=\"noreferrer noopener\">https:\/\/www.facebook.com\/policy.php<\/a><\/p>\n\n\n\n<p>Zertifizierung EU-US-Datenschutz (\u201eEU-US Privacy Shield\u201c) <a href=\"https:\/\/www.privacyshield.gov\/participant?id=a2zt0000000GnywAAC&amp;status=Active\" target=\"_blank\" rel=\"noreferrer noopener\">https:\/\/www.privacyshield.gov\/participant?id=a2zt0000000GnywAAC&amp;status=Active<\/a><\/p>\n\n\n\n<h4>twitter<\/h4>\n\n\n\n<p>Twitter Inc., 795 Folsom St., Suite 600, San Francisco, CA 94107, USA<\/p>\n\n\n\n<p>Datenschutzerkl\u00e4rung: <a href=\"https:\/\/twitter.com\/privacy\" target=\"_blank\" rel=\"noreferrer noopener\">https:\/\/twitter.com\/privacy<\/a><\/p>\n\n\n\n<p>Zertifizierung EU-US-Datenschutz (\u201eEU-US Privacy Shield\u201c)<\/p>\n\n\n\n<figure class=\"wp-block-embed\"><div class=\"wp-block-embed__wrapper\">\nhttps:\/\/www.privacyshield.gov\/\u20260000TORzAAO&#038;status=Active\n<\/div><\/figure>\n\n\n\n<h4>Pinterest<\/h4>\n\n\n\n<p>Pinterest Inc., 651 Brannan Street, San Francisco, CA, 94107, USA.<\/p>\n\n\n\n<p>Datenschutzerkl\u00e4rung: <a href=\"https:\/\/policy.pinterest.com\/de\/privacy-policy\" target=\"_blank\" rel=\"noreferrer noopener\">https:\/\/policy.pinterest.com\/de\/privacy-policy<\/a><\/p>\n\n\n\n<p>Zertifizierung EU-US-Datenschutz (\u201eEU-US Privacy Shield\u201c)<\/p>\n\n\n\n<figure class=\"wp-block-embed\"><div class=\"wp-block-embed__wrapper\">\nhttps:\/\/www.privacyshield.gov\/participant?id=a2zt00000008VVzAAM&#038;status=Active\n<\/div><\/figure>\n\n\n\n<h4>YouTube<\/h4>\n\n\n\n<p>Google Ireland Limited, Gordon House, Barrow Street, Dublin 4, \nIrland, ein Tochterunternehmen der Google LLC, 1600 Amphitheatre \nParkway, Mountain View, CA 94043 USA<\/p>\n\n\n\n<p>Datenschutzerkl\u00e4rung: <a href=\"https:\/\/policies.google.com\/privacy\" target=\"_blank\" rel=\"noreferrer noopener\">https:\/\/policies.google.com\/privacy<\/a><\/p>\n\n\n\n<p>Zertifizierung EU-US-Datenschutz (\u201eEU-US Privacy Shield\u201c) <a href=\"https:\/\/www.privacyshield.gov\/participant?id=a2zt000000001L5AAI&amp;status=Active\" target=\"_blank\" rel=\"noreferrer noopener\">https:\/\/www.privacyshield.gov\/participant?id=a2zt000000001L5AAI&amp;status=Active<\/a><\/p>\n\n\n\n<h4>LinkedIn<\/h4>\n\n\n\n<p>LinkedIn Ireland Unlimited Company, Wilton Plaza, Wilton Place, \nDublin 2, Irland, ein Tochterunternehmen der LinkedIn Corporation, 1000 \nW. Maude Avenue, Sunnyvale, CA 94085 USA.<\/p>\n\n\n\n<p>Datenschutzerkl\u00e4rung: <a href=\"https:\/\/www.linkedin.com\/legal\/privacy-policy\" target=\"_blank\" rel=\"noreferrer noopener\">https:\/\/www.linkedin.com\/legal\/privacy-policy<\/a><\/p>\n\n\n\n<p>Zertifizierung EU-US-Datenschutz (\u201eEU-US Privacy Shield\u201c) <a href=\"https:\/\/www.privacyshield.gov\/participant?id=a2zt0000000L0UZAA0&amp;status=Active\" target=\"_blank\" rel=\"noreferrer noopener\">https:\/\/www.privacyshield.gov\/participant?id=a2zt0000000L0UZAA0&amp;status=Active<\/a><\/p>\n\n\n\n<h4>\u201eShariff\u201c-Social-Media-Buttons<\/h4>\n\n\n\n<p>In unserem Internetauftritt setzten wir die Plug-ins der nachfolgend \ngenannten Social-Networks ein. Zur Einbindung dieser Plug-ins nutzen wir\n wiederum das Plug-in \u201eShariff\u201c.<\/p>\n\n\n\n<p>Rechtsgrundlage ist Art. 6 Abs. 1 lit. f) DSGVO. Unser berechtigtes \nInteresse liegt in der Qualit\u00e4tsverbesserung unseres Internetauftritts<\/p>\n\n\n\n<p>Shariff ist ein Open-Source-Programm, das von c\u2019t und heise \nentwickelt worden ist. Durch die Einbindung dieses Plug-ins wird im Wege\n verlinkter Grafiken verhindert, dass die nachfolgend n\u00e4her benannten \nSocial-Network-Plug-ins bei Ihrem Besuch unserer Internetseite(n), auf \nder\/denen wiederum das jeweilige Social-Network-Plug-in eingebunden ist,\n automatisch eine Verbindung zu dem jeweiligen Server des \nSocial-Network-Plug-ins herstellt. Erst wenn Sie auf eine dieser \nverlinkten Grafiken klicken, werden Sie zu dem Dienst des jeweiligen \nSocial-Networks weitergeleitet. Auch erst dann werden durch das \njeweilige Social-Network Informationen \u00fcber den Nutzungsvorgang erfasst.\n Zu diesen Informationen z\u00e4hlen bspw. Ihre IP-Adresse, das Datum nebst \nUhrzeit sowie die von Ihnen besuchte Seite unseres Internetauftritts.<\/p>\n\n\n\n<p>Sollten Sie bei einem der Social-Network-Dienste eingeloggt sein, \nw\u00e4hrend Sie eine unserer mit dem damit korrespondieren Plug-in \nversehenen Internetseite besuchen, kann der Anbieter des jeweiligen \nSocial-Networks wom\u00f6glich die so gesammelten Informationen Ihres \nkonkreten Besuchs erkennen und Ihrem pers\u00f6nlichen Nutzerkonto zuordnen \nbzw. hier\u00fcber ver\u00f6ffentlichen. Sofern Sie also bspw. den sog. \n\u201eTeilen\u201c-Button des jeweiligen Social-Networks benutzen, werden diese \nInformationen ggf. in Ihrem dortigen Nutzerkonto gespeichert und \u00fcber \ndie Plattform des jeweiligen Social-Network-Anbieters ver\u00f6ffentlicht. \nWenn Sie das verhindern m\u00f6chten, m\u00fcssen Sie sich entweder vor dem Klick \nauf die Grafik bei dem jeweiligen Social-Network ausloggen oder die \nentsprechenden Einstellungen in Ihrem Benutzerkonto des Social-Networks \nvornehmen.<\/p>\n\n\n\n<p>Weitergehende Informationen \u00fcber \u201eShariff\u201c h\u00e4lt heise unter<\/p>\n\n\n\n<figure class=\"wp-block-embed\"><div class=\"wp-block-embed__wrapper\">\nhttp:\/\/www.heise.de\/ct\/artikel\/Shariff-Social-Media-Buttons-mit-Datenschutz-2467514.html\n<\/div><\/figure>\n\n\n\n<p>bereit.<\/p>\n\n\n\n<p>Folgende Social-Networks sind in unseren Internetauftritt eingebunden:<\/p>\n\n\n\n<p><strong>Google+<\/strong> der Google Ireland Limited, Gordon House, Barrow Street, Dublin 4, Irland<\/p>\n\n\n\n<p>Datenschutzinformationen sind zu finden unter <a target=\"_blank\" rel=\"noreferrer noopener\" href=\"https:\/\/policies.google.com\/privacy\">https:\/\/policies.google.com\/privacy<\/a><\/p>\n\n\n\n<p>Durch die Zertifizierung nach dem EU-US-Datenschutzschild (\u201eEU-US Privacy Shield\u201c)<\/p>\n\n\n\n<figure class=\"wp-block-embed\"><div class=\"wp-block-embed__wrapper\">\nhttps:\/\/www.privacyshield.gov\/participant?id=a2zt000000001L5AAI&#038;status=Active\n<\/div><\/figure>\n\n\n\n<p>garantiert Google, dass die Datenschutzvorgaben der EU auch bei der Verarbeitung von Daten in den USA eingehalten werden.<\/p>\n\n\n\n<p><strong>Facebook<\/strong> der Facebook Inc., 1601 S. California Ave, \nPalo Alto, CA 94304, USA, betrieben innerhalb der EU durch Facebook \nIreland Limited, 4 Grand Canal Square, Dublin 2, Irland.&nbsp;<\/p>\n\n\n\n<p>Datenschutzinformationen sind zu finden unter <a target=\"_blank\" rel=\"noreferrer noopener\" href=\"https:\/\/www.facebook.com\/policy.php\">https:\/\/www.facebook.com\/policy.php<\/a><\/p>\n\n\n\n<p>Durch die Zertifizierung nach dem EU-US-Datenschutzschild (\u201eEU-US Privacy Shield\u201c)<\/p>\n\n\n\n<figure class=\"wp-block-embed\"><div class=\"wp-block-embed__wrapper\">\nhttps:\/\/www.privacyshield.gov\/participant?id=a2zt0000000GnywAAC&#038;status=Active\n<\/div><\/figure>\n\n\n\n<p>garantiert Facebook, dass die Datenschutzvorgaben der EU auch bei der Verarbeitung von Daten in den USA eingehalten werden.<\/p>\n\n\n\n<p><strong>Twitter<\/strong> der Twitter Inc., 795 Folsom St., Suite 600, San Francisco, CA 94107, USA.<\/p>\n\n\n\n<p>Datenschutzinformationen sind zu finden unter <a target=\"_blank\" rel=\"noreferrer noopener\" href=\"https:\/\/twitter.com\/privacy\">https:\/\/twitter.com\/privacy<\/a><\/p>\n\n\n\n<p>Durch die Zertifizierung nach dem EU-US-Datenschutzschild (\u201eEU-US Privacy Shield\u201c)<\/p>\n\n\n\n<figure class=\"wp-block-embed\"><div class=\"wp-block-embed__wrapper\">\nhttps:\/\/www.privacyshield.gov\/participant?id=a2zt0000000TORzAAO&#038;status=Active\n<\/div><\/figure>\n\n\n\n<p>garantiert Twitter, dass die Datenschutzvorgaben der EU auch bei der Verarbeitung von Daten in den USA eingehalten werden.<\/p>\n\n\n\n<h4>Google-Maps<\/h4>\n\n\n\n<p>In unserem Internetauftritt setzen wir Google Maps zur Darstellung \nunseres Standorts sowie zur Erstellung einer Anfahrtsbeschreibung ein. \nEs handelt sich hierbei um einen Dienst der Google Ireland Limited, \nGordon House, Barrow Street, Dublin 4, Irland, nachfolgend nur \u201eGoogle\u201c \ngenannt.<\/p>\n\n\n\n<p>Durch die Zertifizierung nach dem EU-US-Datenschutzschild (\u201eEU-US Privacy Shield\u201c)<\/p>\n\n\n\n<figure class=\"wp-block-embed\"><div class=\"wp-block-embed__wrapper\">\nhttps:\/\/www.privacyshield.gov\/participant?id=a2zt000000001L5AAI&#038;status=Active\n<\/div><\/figure>\n\n\n\n<p>garantiert Google, dass die Datenschutzvorgaben der EU auch bei der Verarbeitung von Daten in den USA eingehalten werden.<\/p>\n\n\n\n<p>Um die Darstellung bestimmter Schriften in unserem Internetauftritt \nzu erm\u00f6glichen, wird bei Aufruf unseres Internetauftritts eine \nVerbindung zu dem Google-Server in den USA aufgebaut.<\/p>\n\n\n\n<p>Sofern Sie die in unseren Internetauftritt eingebundene Komponente \nGoogle Maps aufrufen, speichert Google \u00fcber Ihren Internet-Browser ein \nCookie auf Ihrem Endger\u00e4t. Um unseren Standort anzuzeigen und eine \nAnfahrtsbeschreibung zu erstellen, werden Ihre Nutzereinstellungen und \n-daten verarbeitet. Hierbei k\u00f6nnen wir nicht ausschlie\u00dfen, dass Google \nServer in den USA einsetzt.<\/p>\n\n\n\n<p>Rechtsgrundlage ist Art. 6 Abs. 1 lit. f) DSGVO. Unser berechtigtes \nInteresse liegt in der Optimierung der Funktionalit\u00e4t unseres \nInternetauftritts.<\/p>\n\n\n\n<p>Durch die so hergestellte Verbindung zu Google kann Google ermitteln,\n von welcher Website Ihre Anfrage gesendet worden ist und an welche \nIP-Adresse die Anfahrtsbeschreibung zu \u00fcbermitteln ist.<\/p>\n\n\n\n<p>Sofern Sie mit dieser Verarbeitung nicht einverstanden sind, haben \nSie die M\u00f6glichkeit, die Installation der Cookies durch die \nentsprechenden Einstellungen in Ihrem Internet-Browser zu verhindern. \nEinzelheiten hierzu finden Sie vorstehend unter dem Punkt \u201eCookies\u201c.<\/p>\n\n\n\n<p>Zudem erfolgt die Nutzung von Google Maps sowie der \u00fcber Google Maps erlangten Informationen nach den <a target=\"_blank\" rel=\"noreferrer noopener\" href=\"http:\/\/www.google.de\/accounts\/TOS\">Google-Nutzungsbedingungen<\/a>&nbsp;<a target=\"_blank\" rel=\"noreferrer noopener\" href=\"https:\/\/policies.google.com\/terms?gl=DE&amp;hl=de\">https:\/\/policies.google.com\/terms?gl=DE&amp;hl=de<\/a> und den <a target=\"_blank\" rel=\"noreferrer noopener\" href=\"http:\/\/www.google.com\/intl\/de_de\/help\/terms_maps.html\">Gesch\u00e4ftsbedingungen f\u00fcr Google Maps<\/a> https:\/\/www.google.com\/intl\/de_de\/help\/terms_maps.html.<\/p>\n\n\n\n<p>\u00dcberdies bietet Google unter<\/p>\n\n\n\n<figure class=\"wp-block-embed\"><div class=\"wp-block-embed__wrapper\">\nhttps:\/\/adssettings.google.com\/authenticated\n<\/div><\/figure>\n\n\n\n<figure class=\"wp-block-embed\"><div class=\"wp-block-embed__wrapper\">\nhttps:\/\/policies.google.com\/privacy\n<\/div><\/figure>\n\n\n\n<p>weitergehende Informationen an.<\/p>\n\n\n\n<h4>Google Fonts<\/h4>\n\n\n\n<p>In unserem Internetauftritt setzen wir Google Fonts zur Darstellung \nexterner Schriftarten ein. Es handelt sich hierbei um einen Dienst der \nGoogle Ireland Limited, Gordon House, Barrow Street, Dublin 4, Irland, \nnachfolgend nur \u201eGoogle\u201c genannt.<\/p>\n\n\n\n<p>Durch die Zertifizierung nach dem EU-US-Datenschutzschild (\u201eEU-US Privacy Shield\u201c)<\/p>\n\n\n\n<figure class=\"wp-block-embed\"><div class=\"wp-block-embed__wrapper\">\nhttps:\/\/www.privacyshield.gov\/participant?id=a2zt000000001L5AAI&#038;status=Active\n<\/div><\/figure>\n\n\n\n<p>garantiert Google, dass die Datenschutzvorgaben der EU auch bei der Verarbeitung von Daten in den USA eingehalten werden.<\/p>\n\n\n\n<p>Um die Darstellung bestimmter Schriften in unserem Internetauftritt \nzu erm\u00f6glichen, wird bei Aufruf unseres Internetauftritts eine \nVerbindung zu dem Google-Server in den USA aufgebaut.<\/p>\n\n\n\n<p>Rechtsgrundlage ist Art. 6 Abs. 1 lit. f) DSGVO. Unser berechtigtes \nInteresse liegt in der Optimierung und dem wirtschaftlichen Betrieb \nunseres Internetauftritts.<\/p>\n\n\n\n<p>Durch die bei Aufruf unseres Internetauftritts hergestellte \nVerbindung zu Google kann Google ermitteln, von welcher Website Ihre \nAnfrage gesendet worden ist und an welche IP-Adresse die Darstellung der\n Schrift zu \u00fcbermitteln ist.<\/p>\n\n\n\n<p>Google bietet unter<\/p>\n\n\n\n<figure class=\"wp-block-embed\"><div class=\"wp-block-embed__wrapper\">\nhttps:\/\/adssettings.google.com\/authenticated\n<\/div><\/figure>\n\n\n\n<figure class=\"wp-block-embed\"><div class=\"wp-block-embed__wrapper\">\nhttps:\/\/policies.google.com\/privacy\n<\/div><\/figure>\n\n\n\n<p>weitere Informationen an und zwar insbesondere zu den M\u00f6glichkeiten der Unterbindung der Datennutzung.<\/p>\n\n\n\n<h4>GOOGLE-Suchfunktion (\u201eCSE\u201c)<\/h4>\n\n\n\n<p>Zur Volltextsuche auf der Website setzen wir die \u201eGoogle \nbenutzerdefinierte Suche\u201c (Google Custom Search Engine \u201eCSE\u201c) ein. \u201eCSE\u201c\n ist ein Dienst der Google Ireland Limited, Gordon House, Barrow Street,\n Dublin 4, Irland, nachfolgend \u201eGoogle\u201c.<br><br>Google ist nach dem \n\u201eEU-US Privacy Shield\u201c zertifiziert und garantiert dadurch die \nEinhaltung der Datenschutzvorgaben der EU bei der Verarbeitung der Daten\n in den USA.&nbsp; <br>&nbsp;<br><a href=\"https:\/\/www.privacyshield.gov\/participant?id=a2zt000000001L5AAI&amp;status=Active\" target=\"_blank\" rel=\"noreferrer noopener\">https:\/\/www.privacyshield.gov\/participant?id=a2zt000000001L5AAI&amp;status=Active<\/a><br><br>\u201eCSE\u201c\n erm\u00f6glicht eine Volltextsuche nach Inhalten auf unserer Webseite. Der \nZugriff auf diese Suchfunktion erfolgt \u00fcber eine Such-Box \u201eGoogle \nBenutzerdefinierte Suche\u201c.<br><br>Rechtsgrundlage ist hierbei <a href=\"http:\/\/dejure.org\/gesetze\/DSGVO\/6.html\" target=\"_blank\" rel=\"noreferrer noopener\">Art. 6 Abs. 1 lit. f DSGVO<\/a>. Unser berechtigtes Interesse besteht in der Anwenderfreundlichkeit der Website.<br><br>Die Funktion ist als Software-Modul von Google unver\u00e4ndert auf unserer Website integriert.<br>Wird\n die Suche durch Eingabe eines Suchbegriffes aktiviert, l\u00e4dt Google \nanhand eines Plugins die gesuchten Informationen. Gleichzeitig werden \nzur Ausf\u00fchrung der Suche und der Darstellung der Suchergebnisse die vom \nNutzer eingegebenen Begriffe und die IP-Adresse des Nutzers an Google \n\u00fcbertragen.<br><br>Sofern der Nutzer zum Zeitpunkt des Suchvorganges in \nseinem bestehenden Google-Konto eingeloggt ist, kann Google die \nerfassten Informationen dem zugeh\u00f6rigen Nutzerprofil zuzuordnen. <br><br>Weitergehende\n Informationen, insbesondere zu den M\u00f6glichkeiten der Unterbindung der \nDatennutzung, bietet Google unter den nachfolgenden Links an:<br><br><a href=\"https:\/\/policies.google.com\/privacy\" target=\"_blank\" rel=\"noreferrer noopener\">https:\/\/policies.google.com\/privacy<\/a><br><a href=\"https:\/\/adssettings.google.com\/authenticated\" target=\"_blank\" rel=\"noreferrer noopener\">https:\/\/adssettings.google.com\/authenticated<\/a><br><br><\/p>\n\n\n\n<h4>OpenStreetMap<\/h4>\n\n\n\n<p>F\u00fcr Anfahrtsbeschreibungen setzen wir OpenStreetMap, einen Dienst der\n OpenStreetMap Foundation, St John\u2019s Innovation Centre, Cowley Road, \nCambridge, CB 4 0 WS, United Kingdom, nachfolgend nur \u201eOpenStreetMap\u201c \ngenannt, ein.<\/p>\n\n\n\n<p>Bei Aufruf einer unserer Internetseiten, in die der Dienst \nOpenStreetMap eingebunden ist, wird durch OpenStreetMap ein Cookie \u00fcber \nIhren Internet-Browser auf Ihrem Endger\u00e4t gespeichert. Hierdurch werden \nIhre Nutzereinstellungen und Nutzerdaten zum Zwecke der Anzeige der \nSeite bzw. zur Gew\u00e4hrleistung der Funktionalit\u00e4t des Dienstes \nOpenStreetMap verarbeitet. Durch diese Verarbeitung kann OpenStreetMap \nerkennen, von welcher Internetseite Ihre Anfrage gesendet worden ist und\n an welche IP- Adresse die Darstellung der Anfahrt \u00fcbermittelt werden \nsoll.&nbsp;<\/p>\n\n\n\n<p>Rechtsgrundlage ist Art. 6 Abs. 1 lit. f) DSGVO. Unser berechtigtes \nInteresse liegt in der Optimierung und dem wirtschaftlichen Betrieb \nunseres Internetauftritts.<\/p>\n\n\n\n<p>Sofern Sie mit dieser Verarbeitung nicht einverstanden sind, haben \nSie die M\u00f6glichkeit, die Installation der Cookies durch die \nentsprechenden Einstellungen in Ihrem Internet-Browser zu verhindern. \nEinzelheiten hierzu finden Sie vorstehend unter dem Punkt \u201eCookies\u201c.<\/p>\n\n\n\n<p>OpenStreetMap bietet unter<\/p>\n\n\n\n<figure class=\"wp-block-embed\"><div class=\"wp-block-embed__wrapper\">\nhttps:\/\/wiki.osmfoundation.org\/wiki\/Privacy_Policy\n<\/div><\/figure>\n\n\n\n<p>weitere Informationen zur Erhebung und Nutzung der Daten sowie zu \nIhren Rechten und M\u00f6glichkeiten zum Schutz Ihrer Privatsph\u00e4re an.<\/p>\n\n\n\n<h4>YouTube<\/h4>\n\n\n\n<p>In unserem Internetauftritt setzen wir YouTube ein. Hierbei handelt \nes sich um ein Videoportal der YouTube LLC., 901 Cherry Ave., 94066 San \nBruno, CA, USA, nachfolgend nur \u201eYouTube\u201c genannt.<\/p>\n\n\n\n<p>YouTube ist ein Tochterunternehmen der Google Ireland Limited, Gordon\n House, Barrow Street, Dublin 4, Irland, nachfolgend nur \u201eGoogle\u201c \ngenannt.<\/p>\n\n\n\n<p>Durch die Zertifizierung nach dem EU-US-Datenschutzschild (\u201eEU-US Privacy Shield\u201c)<\/p>\n\n\n\n<figure class=\"wp-block-embed\"><div class=\"wp-block-embed__wrapper\">\nhttps:\/\/www.privacyshield.gov\/participant?id=a2zt000000001L5AAI&#038;status=Active\n<\/div><\/figure>\n\n\n\n<p>garantiert Google und damit auch das Tochterunternehmen YouTube, dass\n die Datenschutzvorgaben der EU auch bei der Verarbeitung von Daten in \nden USA eingehalten werden.<\/p>\n\n\n\n<p>Wir nutzen YouTube im Zusammenhang mit der Funktion \u201eErweiterter \nDatenschutzmodus\u201c, um Ihnen Videos anzeigen zu k\u00f6nnen. Rechtsgrundlage \nist Art. 6 Abs. 1 lit. f) DSGVO. Unser berechtigtes Interesse liegt in \nder Qualit\u00e4tsverbesserung unseres Internetauftritts. Die Funktion \n\u201eErweiterter Datenschutzmodus\u201c bewirkt laut Angaben von YouTube, dass \ndie nachfolgend noch n\u00e4her bezeichneten Daten nur dann an den Server von\n YouTube \u00fcbermittelt werden, wenn Sie ein Video auch tats\u00e4chlich \nstarten.<\/p>\n\n\n\n<p>Ohne diesen \u201eErweiterten Datenschutz\u201c wird eine Verbindung zum Server\n von YouTube in den USA hergestellt, sobald Sie eine unserer \nInternetseiten, auf der ein YouTube-Video eingebettet ist, aufrufen.<\/p>\n\n\n\n<p>Diese Verbindung ist erforderlich, um das jeweilige Video auf unserer\n Internetseite \u00fcber Ihren Internet-Browser darstellen zu k\u00f6nnen. Im Zuge\n dessen wird YouTube zumindest Ihre IP-Adresse, das Datum nebst Uhrzeit \nsowie die von Ihnen besuchte Internetseite erfassen und verarbeiten. \nZudem wird eine Verbindung zu dem Werbenetzwerk \u201eDoubleClick\u201c von Google\n hergestellt.<\/p>\n\n\n\n<p>Sollten Sie gleichzeitig bei YouTube eingeloggt sein, weist YouTube \ndie Verbindungsinformationen Ihrem YouTube-Konto zu. Wenn Sie das \nverhindern m\u00f6chten, m\u00fcssen Sie sich entweder vor dem Besuch unseres \nInternetauftritts bei YouTube ausloggen oder die entsprechenden \nEinstellungen in Ihrem YouTube-Benutzerkonto vornehmen.<\/p>\n\n\n\n<p>Zum Zwecke der Funktionalit\u00e4t sowie zur Analyse des \nNutzungsverhaltens speichert YouTube dauerhaft Cookies \u00fcber Ihren \nInternet-Browser auf Ihrem Endger\u00e4t. Falls Sie mit dieser Verarbeitung \nnicht einverstanden sind, haben Sie die M\u00f6glichkeit, die Speicherung der\n Cookies durch eine Einstellung in Ihrem Internet-Browsers zu \nverhindern. N\u00e4here Informationen hierzu finden Sie vorstehend unter \n\u201eCookies\u201c.<\/p>\n\n\n\n<p>Weitergehende Informationen \u00fcber die Erhebung und Nutzung von Daten \nsowie Ihre diesbez\u00fcglichen Rechte und Schutzm\u00f6glichkeiten h\u00e4lt Google in\n den unter<\/p>\n\n\n\n<figure class=\"wp-block-embed\"><div class=\"wp-block-embed__wrapper\">\nhttps:\/\/policies.google.com\/privacy\n<\/div><\/figure>\n\n\n\n<p>abrufbaren Datenschutzhinweisen bereit.<\/p>\n\n\n\n<h4>Vimeo<\/h4>\n\n\n\n<p>Zur Darstellung von Videos setzen wir auf unserer Internetseite \n\u201eVimeo\u201c ein. Hierbei handelt es sich um einen Dienst der Vimeo, LL C, \n555 West 18 th Street, New York, New York 10011, USA, nachfolgend nur \n\u201eVimeo\u201c genannt, ein.<\/p>\n\n\n\n<p>Teilweise erfolgt die Verarbeitung der Nutzerdaten auf Servern von \nVimeo in den USA. Durch die Zertifizierung nach dem \nEU-US-Datenschutzschild (\u201eEU-US Privacy Shield\u201c)<\/p>\n\n\n\n<figure class=\"wp-block-embed\"><div class=\"wp-block-embed__wrapper\">\nhttps:\/\/www.privacyshield.gov\/participant?id=a2zt00000008V77AAE&#038;status=Active\n<\/div><\/figure>\n\n\n\n<p>garantiert Vimeo aber, dass die Datenschutzvorgaben der EU auch bei der Verarbeitung von Daten in den USA eingehalten werden.<\/p>\n\n\n\n<p>Rechtsgrundlage ist Art. 6 Abs. 1 lit. f) DSGVO. Unser berechtigtes \nInteresse liegt in der Qualit\u00e4tsverbesserung unseres Internetauftritts.<\/p>\n\n\n\n<p>Besuchen Sie eine Seite unseres Internetauftritts, in die ein Video \neingebettet ist, wird zur Darstellung des Videos eine Verbindung zu den \nServern von Vimeo in den USA hergestellt. Aus technischen Gr\u00fcnden ist es\n dabei notwendig, dass Vimeo Ihre IP &#8211; Adresse verarbeitet. Daneben \nwerden aber auch Datum und Uhrzeit des Besuchs unserer Internetseiten \nerfasst.<\/p>\n\n\n\n<p>Sollten Sie gleichzeitig bei Vimeo eingeloggt sein, w\u00e4hrend Sie eine \nunserer Internetseiten besuchen, in die ein Vimeo-Video eingebettet ist,\n weist Vimeo die so gesammelten Informationen wom\u00f6glich Ihrem dortigen \npers\u00f6nlichen Nutzerkonto zu. Wenn Sie das verhindern m\u00f6chten, m\u00fcssen Sie\n sich entweder vor dem Besuch unseres Internetauftritts bei Vimeo \nausloggen oder Ihr Nutzerkonto bei Vimeo entsprechend konfigurieren.<\/p>\n\n\n\n<p>Zum Zwecke der Funktionalit\u00e4t und Nutzungsanalyse setzt Vimeo den \nWebanalysedienst Google Analytics ein. Durch Google Analytics werden \nCookies \u00fcber Ihren Internet-Browser auf Ihrem Endger\u00e4t gespeichert und \nInformationen \u00fcber die Benutzung unserer Internetseiten, in die ein \nVimeo- Video eingebettet ist, an Google \u00fcbersandt. Hierbei kann nicht \nausgeschlossen werden, dass Google diese Informationen in den USA \nverarbeitet.<\/p>\n\n\n\n<p>Sofern Sie mit dieser Verarbeitung nicht einverstanden sind, haben \nSie die M\u00f6glichkeit, die Installation der Cookies durch die \nentsprechenden Einstellungen in Ihrem Internet-Browser zu verhindern. \nEinzelheiten hierzu finden Sie vorstehend unter dem Punkt \u201eCookies\u201c.<\/p>\n\n\n\n<p>Rechtsgrundlage ist Art. 6 Abs. 1 lit. f) DSGVO. Unser berechtigtes \nInteresse liegt in der Qualit\u00e4tsverbesserung unseres Internetauftritts \nund in dem berechtigten Interesse von Vimeo , das Nutzerverhalten \nstatistisch zu Optimierungs- und Marketingzwecken zu analysieren.<\/p>\n\n\n\n<p>Vimeo bietet unter<\/p>\n\n\n\n<figure class=\"wp-block-embed\"><div class=\"wp-block-embed__wrapper\">\nhttp:\/\/vimeo.com\/privacy\n<\/div><\/figure>\n\n\n\n<p>weitere Informationen zur Erhebung und Nutzung der Daten sowie zu \nIhren Rechten und M\u00f6glichkeiten zum Schutz Ihrer Privatsph\u00e4re an.<\/p>\n\n\n\n<p>\n<a target=\"_blank\" href=\"https:\/\/www.ratgeberrecht.eu\/leistungen\/muster-datenschutzerklaerung.html\" rel=\"noreferrer noopener\">Muster-Datenschutzerkl\u00e4rung<\/a> der <a target=\"_blank\" href=\"https:\/\/www.ratgeberrecht.eu\/datenschutz\/datenschutzerklaerung-generator-dsgvo.html\" rel=\"noreferrer noopener\">Anwaltskanzlei Wei\u00df &amp; Partner<\/a><\/p>\n<div class=\"shariff shariff-align-left shariff-widget-align-left\"><ul class=\"shariff-buttons theme-round orientation-horizontal buttonsize-medium\"><li class=\"shariff-button mastodon shariff-nocustomcolor\" style=\"background-color:#563ACC\"><a href=\"https:\/\/s2f.kytta.dev\/?text=Datenschutzerkl%C3%A4rung http%3A%2F%2Fwabro.de%2F%3Fpage_id%3D25\" title=\"Bei Mastodon teilen\" aria-label=\"Bei Mastodon teilen\" role=\"button\" rel=\"noopener nofollow\" class=\"shariff-link\" style=\"; background-color:#6364FF; color:#fff\" target=\"_blank\"><span class=\"shariff-icon\" style=\"\"><svg width=\"75\" height=\"79\" viewBox=\"0 0 75 79\" fill=\"none\" xmlns=\"http:\/\/www.w3.org\/2000\/svg\"><path d=\"M37.813-.025C32.462-.058 27.114.13 21.79.598c-8.544.621-17.214 5.58-20.203 13.931C-1.12 23.318.408 32.622.465 41.65c.375 7.316.943 14.78 3.392 21.73 4.365 9.465 14.781 14.537 24.782 15.385 7.64.698 15.761-.213 22.517-4.026a54.1 54.1 0 0 0 .01-6.232c-6.855 1.316-14.101 2.609-21.049 1.074-3.883-.88-6.876-4.237-7.25-8.215-1.53-3.988 3.78-.43 5.584-.883 9.048 1.224 18.282.776 27.303-.462 7.044-.837 14.26-4.788 16.65-11.833 2.263-6.135 1.215-12.79 1.698-19.177.06-3.84.09-7.692-.262-11.52C72.596 7.844 63.223.981 53.834.684a219.453 219.453 0 0 0-16.022-.71zm11.294 12.882c5.5-.067 10.801 4.143 11.67 9.653.338 1.48.471 3 .471 4.515v21.088h-8.357c-.07-7.588.153-15.182-.131-22.765-.587-4.368-7.04-5.747-9.672-2.397-2.422 3.04-1.47 7.155-1.67 10.735v6.392h-8.307c-.146-4.996.359-10.045-.404-15.002-1.108-4.218-7.809-5.565-10.094-1.666-1.685 3.046-.712 6.634-.976 9.936v14.767h-8.354c.109-8.165-.238-16.344.215-24.5.674-5.346 5.095-10.389 10.676-10.627 4.902-.739 10.103 2.038 12.053 6.631.375 1.435 1.76 1.932 1.994.084 1.844-3.704 5.501-6.739 9.785-6.771.367-.044.735-.068 1.101-.073z\"\/><defs><linearGradient id=\"paint0_linear_549_34\" x1=\"37.0692\" y1=\"0\" x2=\"37.0692\" y2=\"79\" gradientUnits=\"userSpaceOnUse\"><stop stop-color=\"#6364FF\"\/><stop offset=\"1\" stop-color=\"#563ACC\"\/><\/linearGradient><\/defs><\/svg><\/span><\/a><\/li><li class=\"shariff-button facebook shariff-nocustomcolor\" style=\"background-color:#4273c8\"><a href=\"https:\/\/www.facebook.com\/sharer\/sharer.php?u=http%3A%2F%2Fwabro.de%2F%3Fpage_id%3D25\" title=\"Bei Facebook teilen\" aria-label=\"Bei Facebook teilen\" role=\"button\" rel=\"nofollow\" class=\"shariff-link\" style=\"; background-color:#3b5998; color:#fff\" target=\"_blank\"><span class=\"shariff-icon\" style=\"\"><svg width=\"32px\" height=\"20px\" xmlns=\"http:\/\/www.w3.org\/2000\/svg\" viewBox=\"0 0 18 32\"><path fill=\"#3b5998\" d=\"M17.1 0.2v4.7h-2.8q-1.5 0-2.1 0.6t-0.5 1.9v3.4h5.2l-0.7 5.3h-4.5v13.6h-5.5v-13.6h-4.5v-5.3h4.5v-3.9q0-3.3 1.9-5.2t5-1.8q2.6 0 4.1 0.2z\"\/><\/svg><\/span><span data-service=\"facebook\" style=\"color:#3b5998\" class=\"shariff-count shariff-hidezero\"><\/span>&nbsp;<\/a><\/li><li class=\"shariff-button linkedin shariff-nocustomcolor\" style=\"background-color:#1488bf\"><a href=\"https:\/\/www.linkedin.com\/sharing\/share-offsite\/?url=http%3A%2F%2Fwabro.de%2F%3Fpage_id%3D25\" title=\"Bei LinkedIn teilen\" aria-label=\"Bei LinkedIn teilen\" role=\"button\" rel=\"noopener nofollow\" class=\"shariff-link\" style=\"; background-color:#0077b5; color:#fff\" target=\"_blank\"><span class=\"shariff-icon\" style=\"\"><svg width=\"32px\" height=\"20px\" xmlns=\"http:\/\/www.w3.org\/2000\/svg\" viewBox=\"0 0 27 32\"><path fill=\"#0077b5\" d=\"M6.2 11.2v17.7h-5.9v-17.7h5.9zM6.6 5.7q0 1.3-0.9 2.2t-2.4 0.9h0q-1.5 0-2.4-0.9t-0.9-2.2 0.9-2.2 2.4-0.9 2.4 0.9 0.9 2.2zM27.4 18.7v10.1h-5.9v-9.5q0-1.9-0.7-2.9t-2.3-1.1q-1.1 0-1.9 0.6t-1.2 1.5q-0.2 0.5-0.2 1.4v9.9h-5.9q0-7.1 0-11.6t0-5.3l0-0.9h5.9v2.6h0q0.4-0.6 0.7-1t1-0.9 1.6-0.8 2-0.3q3 0 4.9 2t1.9 6z\"\/><\/svg><\/span><\/a><\/li><li class=\"shariff-button info shariff-nocustomcolor\" style=\"background-color:#eee\"><a href=\"http:\/\/ct.de\/-2467514\" title=\"Weitere Informationen\" aria-label=\"Weitere Informationen\" role=\"button\" rel=\"noopener \" class=\"shariff-link\" style=\"; background-color:#fff; color:#fff\" target=\"_blank\"><span class=\"shariff-icon\" style=\"\"><svg width=\"32px\" height=\"20px\" xmlns=\"http:\/\/www.w3.org\/2000\/svg\" viewBox=\"0 0 11 32\"><path fill=\"#999\" d=\"M11.4 24v2.3q0 0.5-0.3 0.8t-0.8 0.4h-9.1q-0.5 0-0.8-0.4t-0.4-0.8v-2.3q0-0.5 0.4-0.8t0.8-0.4h1.1v-6.8h-1.1q-0.5 0-0.8-0.4t-0.4-0.8v-2.3q0-0.5 0.4-0.8t0.8-0.4h6.8q0.5 0 0.8 0.4t0.4 0.8v10.3h1.1q0.5 0 0.8 0.4t0.3 0.8zM9.2 3.4v3.4q0 0.5-0.4 0.8t-0.8 0.4h-4.6q-0.4 0-0.8-0.4t-0.4-0.8v-3.4q0-0.4 0.4-0.8t0.8-0.4h4.6q0.5 0 0.8 0.4t0.4 0.8z\"\/><\/svg><\/span><\/a><\/li><\/ul><\/div>","protected":false},"excerpt":{"rendered":"<p>Personenbezogene Daten (nachfolgend zumeist nur \u201eDaten\u201c genannt) werden von uns nur im Rahmen der Erforderlichkeit sowie zum Zwecke der Bereitstellung eines funktionsf\u00e4higen und nutzerfreundlichen Internetauftritts, inklusive seiner Inhalte und der dort angebotenen Leistungen, verarbeitet. Gem\u00e4\u00df Art. 4 Ziffer 1. der Verordnung (EU) 2016\/679, also der Datenschutz-Grundverordnung (nachfolgend nur \u201eDSGVO\u201c genannt), gilt als \u201eVerarbeitung\u201c jeder mit &hellip; <\/p>\n<p class=\"link-more\"><a href=\"http:\/\/wabro.de\/?page_id=25\" class=\"more-link\"><span class=\"screen-reader-text\">\u201eDatenschutzerkl\u00e4rung\u201c<\/span> weiterlesen<\/a><\/p>\n","protected":false},"author":1,"featured_media":0,"parent":0,"menu_order":0,"comment_status":"closed","ping_status":"closed","template":"","meta":[],"_links":{"self":[{"href":"http:\/\/wabro.de\/index.php?rest_route=\/wp\/v2\/pages\/25"}],"collection":[{"href":"http:\/\/wabro.de\/index.php?rest_route=\/wp\/v2\/pages"}],"about":[{"href":"http:\/\/wabro.de\/index.php?rest_route=\/wp\/v2\/types\/page"}],"author":[{"embeddable":true,"href":"http:\/\/wabro.de\/index.php?rest_route=\/wp\/v2\/users\/1"}],"replies":[{"embeddable":true,"href":"http:\/\/wabro.de\/index.php?rest_route=%2Fwp%2Fv2%2Fcomments&post=25"}],"version-history":[{"count":2,"href":"http:\/\/wabro.de\/index.php?rest_route=\/wp\/v2\/pages\/25\/revisions"}],"predecessor-version":[{"id":30,"href":"http:\/\/wabro.de\/index.php?rest_route=\/wp\/v2\/pages\/25\/revisions\/30"}],"wp:attachment":[{"href":"http:\/\/wabro.de\/index.php?rest_route=%2Fwp%2Fv2%2Fmedia&parent=25"}],"curies":[{"name":"wp","href":"https:\/\/api.w.org\/{rel}","templated":true}]}}